{"id":183,"date":"2016-02-28T16:13:26","date_gmt":"2016-02-28T16:13:26","guid":{"rendered":"http:\/\/kluge-internet.de\/?page_id=183"},"modified":"2023-09-05T17:06:10","modified_gmt":"2023-09-05T17:06:10","slug":"aktuelle-termine","status":"publish","type":"page","link":"https:\/\/welter-zahnrad.de\/fr\/aktuelles\/aktuelle-termine\/","title":{"rendered":"\u00c9v\u00e9nements"},"content":{"rendered":"<table id=\"tablepress-24\" class=\"tablepress tablepress-id-24 tbody-has-connected-cells\">\n<tbody class=\"row-striping\">\n<tr class=\"row-1\">\n\t<td class=\"column-1\"><strong><a href=\"https:\/\/www.jobxpedition.de\/\" target=\"_blank\">JobXpedition(Lahr\/Allemagne)<\/a><\/strong> <br \/>\nUn voyage de d\u00e9couverte des m\u00e9tiers de la formation professionnelle<br \/>\n07-09 Avril 2026<br \/>\n12 entreprises \u00e0 Lahr\/For\u00eat-Noire<br \/>\n<\/td><td rowspan=\"6\" class=\"column-2\"> Nous sommes disponibles tout l'\u00e9t\u00e9. Certains jours ponts et la p\u00e9riode entre No\u00ebl et le Nouvel An, nous ne sommes pas joignables.<br \/>\n<strong>jour f\u00e9ri\u00e9 2026:<\/strong><br \/>\n01. Jan 2026 Nouvel an<br \/>\n06. Jan 2026 \u00c9piphanie<br \/>\n04. Apr 2026 vendredi Saint<br \/>\n06. Apr 2026 lundi de P\u00e2ques<br \/>\n01. Mai 2026 journ\u00e9e de travail<br \/>\n14. Mai 2026 Ascension du Christ<br \/>\n25. Mai 2026 Pentec\u00f4te<br \/>\n04. Juin 2026 F\u00eate-Dieu<br \/>\n03. Oct 2026 Journ\u00e9e de l'unit\u00e9 allemande<br \/>\n01. Nov 2026 F\u00eate de la Toussaint<br \/>\n24.-26. Dec. 2026 No\u00ebl - Arr\u00eat jusqu'au 4ieme janvier 2027<br \/>\n<\/td>\n<\/tr>\n<tr class=\"row-2\">\n\t<td class=\"column-1\"><strong><a href=\"https:\/\/raillive.org.uk\/\" target=\"_blank\">Rail Live (Angleterre)<\/a><\/strong> <br \/>\nCentre d'innovation ferroviaire Long Marston de Porterbrook<br \/>\n17-18 juin 2026<br \/>\nPorterbrook\u2019s Long Marston Rail Innovation Centre<br \/>\n<\/td>\n<\/tr>\n<tr class=\"row-3\">\n\t<td class=\"column-1\"><a href=\"https:\/\/www.smm-hamburg.com\/\" rel=\"noopener\" target=\"_blank\"><strong>SMM Hamburg (Allemagne)<\/strong> <\/a><br \/>\nSalon maritime international <br \/>\n1-4. Septembre 2026<br \/>\nCentre d'exposition et de congr\u00e8s de Hambourg<br \/>\nD-20357 Hambourg<br \/>\n<\/td>\n<\/tr>\n<tr class=\"row-4\">\n\t<td class=\"column-1\"><a href=\"https:\/\/www.targikielce.pl\/en\/mspo\" rel=\"noopener\" target=\"_blank\"><strong>MSPO Kielce (Pologne)<\/strong><\/a><br \/>\nSalon international de l'industrie de la d\u00e9fense  <br \/>\n8-11. Septembre 2026<br \/>\nTargi Kielce Centre d'exposition<br \/>\nPL-25-672 Kielce<\/td>\n<\/tr>\n<tr class=\"row-5\">\n\t<td class=\"column-1\"><strong><a href=\"https:\/\/www.innotrans.de\/en\/\" target=\"_blank\">Innotrans Berlin (Allemagne)<\/a><\/strong> <br \/>\nSalon international des techniques de transport<br \/>\n22.-25. Septembre 2026<br \/>\nExpoCenter City,  <br \/>\nBerlin, Allemagne<br \/>\n<\/td>\n<\/tr>\n<tr class=\"row-6\">\n\t<td class=\"column-1\"><strong><a href=\"https:\/\/bauma-china.com\/en\/\" rel=\"noopener\" target=\"_blank\">bauma 2026 (Chine)<\/a><\/strong><br \/>\nSalon mondial des machines de chantier<br \/>\n24-27 novembre 2026<br \/>\nLe nouveau centre international des expositions de Shanghai (SNIEC)<br \/>\n<\/td>\n<\/tr>\n<\/tbody>\n<\/table>\n<!-- #tablepress-24 from cache -->","protected":false},"excerpt":{"rendered":"","protected":false},"author":1,"featured_media":0,"parent":516,"menu_order":0,"comment_status":"closed","ping_status":"closed","template":"","meta":{"footnotes":""},"class_list":["post-183","page","type-page","status-publish","czr-hentry"],"_links":{"self":[{"href":"https:\/\/welter-zahnrad.de\/fr\/wp-json\/wp\/v2\/pages\/183","targetHints":{"allow":["GET"]}}],"collection":[{"href":"https:\/\/welter-zahnrad.de\/fr\/wp-json\/wp\/v2\/pages"}],"about":[{"href":"https:\/\/welter-zahnrad.de\/fr\/wp-json\/wp\/v2\/types\/page"}],"author":[{"embeddable":true,"href":"https:\/\/welter-zahnrad.de\/fr\/wp-json\/wp\/v2\/users\/1"}],"replies":[{"embeddable":true,"href":"https:\/\/welter-zahnrad.de\/fr\/wp-json\/wp\/v2\/comments?post=183"}],"version-history":[{"count":20,"href":"https:\/\/welter-zahnrad.de\/fr\/wp-json\/wp\/v2\/pages\/183\/revisions"}],"predecessor-version":[{"id":3143,"href":"https:\/\/welter-zahnrad.de\/fr\/wp-json\/wp\/v2\/pages\/183\/revisions\/3143"}],"up":[{"embeddable":true,"href":"https:\/\/welter-zahnrad.de\/fr\/wp-json\/wp\/v2\/pages\/516"}],"wp:attachment":[{"href":"https:\/\/welter-zahnrad.de\/fr\/wp-json\/wp\/v2\/media?parent=183"}],"curies":[{"name":"wp","href":"https:\/\/api.w.org\/{rel}","templated":true}]}}